{"id":709,"date":"2021-03-30T10:01:25","date_gmt":"2021-03-30T10:01:25","guid":{"rendered":"https:\/\/dev.sourcecode.sk\/wsczkb\/?post_type=ht_kb&#038;p=709"},"modified":"2024-09-02T17:50:49","modified_gmt":"2024-09-02T15:50:49","slug":"uprava-fakturacnich-profilu","status":"publish","type":"ht_kb","link":"https:\/\/www.websupport.cz\/podpora\/kb\/uprava-fakturacnich-profilu\/","title":{"rendered":"\u00daprava faktura\u010dn\u00edch profil\u016f"},"content":{"rendered":"\n<p style=\"font-size:18px\">Pot\u0159ebujete zm\u011bnit faktura\u010dn\u00ed \u00fadaje, ur\u010dit slu\u017eb\u00e1m p\u0159edvolen\u00e9 faktura\u010dn\u00ed \u00fadaje, nastavit jin\u00fd faktura\u010dn\u00ed email? V tomto n\u00e1vod\u011b si uk\u00e1\u017eeme, jak na to.<\/p>\n\n\n\n<hr class=\"wp-block-separator has-css-opacity\"\/>\n\n\n\n<h2 class=\"wp-block-heading\">Zm\u011bna faktura\u010dn\u00edch \u00fadaj\u016f<\/h2>\n\n\n\n<p>Pokud pot\u0159ebujete, aby zaslan\u00e1 faktura obsahovala jin\u00e9 faktura\u010dn\u00ed \u00fadaje ne\u017e obsahuje, nemus\u00edte kontaktovat helpdesk. Prost\u0159ednictv\u00edm&nbsp;<a href=\"https:\/\/admin.websupport.cz\/\" target=\"_blank\" rel=\"noreferrer noopener\">WebAdminu <\/a>je m\u016f\u017eete zm\u011bnit i sami. Tento n\u00e1vod se v\u011bnuje \u00faprav\u011b faktura\u010dn\u00edch \u00fadaj\u016f p\u0159\u00edmo v profilu &#8211; pokud je chcete zm\u011bnit na vystaven\u00e9 faktu\u0159e, p\u0159ejd\u011bte <strong><a href=\"https:\/\/www.websupport.cz\/podpora\/kb\/zmena-fakturacnich-udaju-na-vystavene-predfakture-fakture\/\" target=\"_blank\" rel=\"noreferrer noopener\">sem.<\/a><\/strong><\/p>\n\n\n\n<p>Upravenou fakturu si m\u016f\u017eete st\u00e1hnout p\u0159es WebAdmin, nebo nechat nanovo zaslat kliknut\u00edm na tla\u010d\u00edtko&nbsp;<strong>P\u0159eposlat<\/strong>, kter\u00e9 se nach\u00e1z\u00ed u ka\u017ed\u00e9 faktury v seznamu faktur.<\/p>\n\n\n\n<p>V p\u0159\u00edpad\u011b, \u017ee&nbsp;<strong>slu\u017eby fakturujeme v\u00edcer\u00fdm subjekt\u016fm<\/strong>, nezapome\u0148te v&nbsp;<strong><a href=\"https:\/\/www.websupport.cz\/podpora\/kb\/uprava-fakturacnich-profilu\/#pouzivani-vicerych-fakturacnich-profilu\" target=\"_blank\" rel=\"noreferrer noopener\">nastaven\u00edch p\u0159edvolit<\/a><\/strong>&nbsp;pro jak\u00e9 slu\u017eby se maj\u00ed faktura\u010dn\u00ed profily pou\u017e\u00edvat.<\/p>\n\n\n\n<p class=\"wp-block-ht-blocks-messages wp-block-hb-message wp-block-hb-message--withicon is-style-info\"><strong>Kdy m\u016f\u017eu \u00fadaje zm\u011bnit?<\/strong><br>Faktura\u010dn\u00ed \u00fadaje je mo\u017en\u00e9 dodate\u010dn\u011b&nbsp;<strong>zm\u011bnit pouze na faktur\u00e1ch (da\u0148ov\u00fdch dokladech), kter\u00e9 byly vystaven\u00e9 v aktu\u00e1ln\u00edm m\u011bs\u00edci<\/strong><\/p>\n\n\n\n<h3 class=\"wp-block-heading\"><strong>Faktura\u010dn\u00ed email<\/strong><\/h3>\n\n\n\n<p>V r\u00e1mci faktura\u010dn\u00edch \u00fadaj\u016f m\u00e1te mo\u017enost nadefinovat si i\u00a0<strong>faktura\u010dn\u00ed emailov\u00e9 konto tj. email, na kter\u00fd budou zas\u00edlan\u00e9 jen v\u00fdzvy k platb\u011b\/faktury.\u00a0<\/strong>Po nadefinovan\u00ed faktura\u010dn\u00edho emailov\u00e9ho konta budou faktury a v\u00fdzvy k platb\u011b chodit jak na kontaktn\u00ed email pod va\u0161\u00edm\u00a0kontem, tak na faktura\u010dn\u00ed email.<\/p>\n\n\n\n<p>Nov\u00fd faktura\u010dn\u00ed email si m\u016f\u017eete p\u0159idat po p\u0159ihl\u00e1\u0161en\u00ed do&nbsp;<strong><a href=\"https:\/\/admin.active24.cz\/\" target=\"_blank\" rel=\"noreferrer noopener\">WebAdminu<\/a> <\/strong>po kliknut\u00ed na Va\u0161e <strong>U\u017eivatelsk\u00e9 jm\u00e9no <\/strong>-&gt;<strong> Faktura\u010dn\u00ed profily <\/strong>-&gt;<strong> Upravit <\/strong>-&gt;<strong> Faktura\u010dn\u00ed emailov\u00e1 adresa.<\/strong><\/p>\n\n\n\n<p>V r\u00e1mci \u00fapravy profilu m\u016f\u017eete za\u0161krtnout mo\u017enost zas\u00edlat fakturaci JEN na faktura\u010dn\u00ed email. Za\u0161krtnut\u00edm t\u00e9to mo\u017enosti ji\u017e nebudete dost\u00e1vat v\u00fdzvy k platb\u011b a faktury na kontaktn\u00ed email.<\/p>\n\n\n\n<figure class=\"wp-block-image size-large\"><img decoding=\"async\" src=\"https:\/\/www.active24.cz\/app\/uploads\/sites\/4\/2021\/03\/obrazek-3-1024x706.png\" alt=\"\" class=\"wp-image-13695\"\/><\/figure>\n\n\n\n<div style=\"height:45px\" aria-hidden=\"true\" class=\"wp-block-spacer\"><\/div>\n\n\n\n<h2 class=\"wp-block-heading\">Pou\u017e\u00edv\u00e1n\u00ed v\u00edcer\u00fdch faktura\u010dn\u00edch profil\u016f<\/h2>\n\n\n\n<p>\u010c\u00e1st z\u00e1kazn\u00edk\u016f m\u016f\u017ee pot\u0159ebovat fakturovat objednan\u00e9 slu\u017eby na r\u016fzn\u00e9 subjekty, resp. vystavovat faktury s r\u016fzn\u00fdmi faktura\u010dn\u00edmi \u00fadaji. Na tento \u00fa\u010del slou\u017e\u00ed faktura\u010dn\u00ed profily.<\/p>\n\n\n\n<p class=\"wp-block-ht-blocks-messages wp-block-hb-message wp-block-hb-message--withicon\"><strong>TIP:&nbsp;<\/strong>V r\u00e1mci nastaven\u00ed faktura\u010dn\u00edho profilu je mo\u017en\u00e9 definovat i&nbsp;<strong>faktura\u010dn\u00ed emailov\u00e9 konto<\/strong>. Jde o email, kam bude zas\u00edlan\u00e1 v\u00fdzva k platb\u011b a faktura pro slu\u017ebu, pro kterou m\u00e1 b\u00fdt dan\u00fd faktura\u010dn\u00ed profil pou\u017eit\u00fd. Faktury a v\u00fdzvy k platb\u011b budou klient\u016fm chodit i na kontaktn\u00ed email pod kontem ve Webadminu.<\/p>\n\n\n\n<h3 class=\"wp-block-heading\">1. \u00daprava existuj\u00edc\u00edho faktura\u010dn\u00edho profilu<\/h3>\n\n\n\n<ol class=\"wp-block-list\">\n<li>P\u0159ihlaste se do <strong><a href=\"https:\/\/admin.websupport.cz\/\" target=\"_blank\" rel=\"noreferrer noopener\">WebAdminu<\/a><\/strong><\/li>\n\n\n\n<li>Klikn\u011bte na Va\u0161e <strong>U\u017eivatelsk\u00e9 jm\u00e9no<\/strong><\/li>\n\n\n\n<li>Klikn\u011bte na tla\u010d\u00edtko\u00a0<strong>Faktura\u010dn\u00ed\u00a0profily<\/strong><\/li>\n\n\n\n<li>Napravo od p\u0159\u00edslu\u0161n\u00e9ho profilu klikn\u011bte na <strong>Upravit<\/strong><\/li>\n\n\n\n<li>Zm\u011b\u0148te faktura\u010dn\u00ed \u00fadaje a zm\u011bny\u00a0<strong>Ulo\u017ete<\/strong><\/li>\n<\/ol>\n\n\n\n<h3 class=\"wp-block-heading\">2. Vytvo\u0159en\u00ed nov\u00e9ho faktura\u010dn\u00edho profilu<\/h3>\n\n\n\n<ol class=\"wp-block-list\">\n<li>P\u0159ihlaste se do <strong><a href=\"https:\/\/admin.websupport.cz\/\" target=\"_blank\" rel=\"noreferrer noopener\">WebAdminu<\/a><\/strong><\/li>\n\n\n\n<li>Klikn\u011bte na Va\u0161e <strong>U\u017eivatelsk\u00e9 jm\u00e9no<\/strong><\/li>\n\n\n\n<li>Klikn\u011bte na tla\u010d\u00edtko\u00a0<strong>Faktura\u010dn\u00ed\u00a0profily<\/strong><\/li>\n\n\n\n<li>V prav\u00e9 \u010d\u00e1sti obrazovky klikn\u011bte na tla\u010d\u00edtko <strong>Vytvo\u0159it nov\u00fd faktura\u010dn\u00ed profil<\/strong><\/li>\n\n\n\n<li>Zadejte nov\u00e9 faktura\u010dn\u00ed \u00fadaje a zm\u011bny\u00a0<strong>Ulo\u017ete<\/strong><\/li>\n<\/ol>\n\n\n\n<div style=\"height:42px\" aria-hidden=\"true\" class=\"wp-block-spacer\"><\/div>\n\n\n\n<h2 class=\"wp-block-heading\">P\u0159edvolen\u00fd faktura\u010dn\u00ed profil pro konkr\u00e9tn\u00ed slu\u017eby<\/h2>\n\n\n\n<p>V p\u0159\u00edpad\u011b, \u017ee m\u00e1te z\u00e1jem fakturovat \u010d\u00e1st Va\u0161ich slu\u017eeb na jin\u00e9 faktura\u010dn\u00ed \u00fadaje t\u0159et\u00ed stran\u011b nebo jin\u00e9mu subjektu, m\u016f\u017eete sv\u00fdm slu\u017eb\u00e1m nastavit <strong>p\u0159edvolen\u00fd faktura\u010dn\u00ed profil, <\/strong>se kter\u00fdm se budou generovat dal\u0161\u00ed v\u00fdzvy k platb\u011b v budoucnosti.<\/p>\n\n\n\n<figure class=\"wp-block-image size-large\"><img loading=\"lazy\" decoding=\"async\" width=\"800\" height=\"374\" src=\"https:\/\/www.websupport.cz\/podpora\/app\/uploads\/2021\/08\/zmena-fakturace-800x374.png\" alt=\"\" class=\"wp-image-5393\" srcset=\"https:\/\/www.websupport.cz\/podpora\/app\/uploads\/2021\/08\/zmena-fakturace-800x374.png 800w, https:\/\/www.websupport.cz\/podpora\/app\/uploads\/2021\/08\/zmena-fakturace-400x187.png 400w, https:\/\/www.websupport.cz\/podpora\/app\/uploads\/2021\/08\/zmena-fakturace-768x359.png 768w, https:\/\/www.websupport.cz\/podpora\/app\/uploads\/2021\/08\/zmena-fakturace-50x23.png 50w, https:\/\/www.websupport.cz\/podpora\/app\/uploads\/2021\/08\/zmena-fakturace-1536x718.png 1536w, https:\/\/www.websupport.cz\/podpora\/app\/uploads\/2021\/08\/zmena-fakturace-60x28.png 60w, https:\/\/www.websupport.cz\/podpora\/app\/uploads\/2021\/08\/zmena-fakturace-100x47.png 100w, https:\/\/www.websupport.cz\/podpora\/app\/uploads\/2021\/08\/zmena-fakturace.png 1881w\" sizes=\"auto, (max-width: 800px) 100vw, 800px\" \/><\/figure>\n\n\n\n<figure class=\"wp-block-image size-large\"><img loading=\"lazy\" decoding=\"async\" width=\"800\" height=\"499\" src=\"https:\/\/www.websupport.cz\/podpora\/app\/uploads\/2021\/08\/zmena-profilu-na-sluzbu-1-800x499.png\" alt=\"\" class=\"wp-image-5402\" srcset=\"https:\/\/www.websupport.cz\/podpora\/app\/uploads\/2021\/08\/zmena-profilu-na-sluzbu-1-800x499.png 800w, https:\/\/www.websupport.cz\/podpora\/app\/uploads\/2021\/08\/zmena-profilu-na-sluzbu-1-400x250.png 400w, https:\/\/www.websupport.cz\/podpora\/app\/uploads\/2021\/08\/zmena-profilu-na-sluzbu-1-768x479.png 768w, https:\/\/www.websupport.cz\/podpora\/app\/uploads\/2021\/08\/zmena-profilu-na-sluzbu-1-50x31.png 50w, https:\/\/www.websupport.cz\/podpora\/app\/uploads\/2021\/08\/zmena-profilu-na-sluzbu-1-60x37.png 60w, https:\/\/www.websupport.cz\/podpora\/app\/uploads\/2021\/08\/zmena-profilu-na-sluzbu-1-100x62.png 100w, https:\/\/www.websupport.cz\/podpora\/app\/uploads\/2021\/08\/zmena-profilu-na-sluzbu-1.png 1173w\" sizes=\"auto, (max-width: 800px) 100vw, 800px\" \/><\/figure>\n\n\n\n<ol class=\"wp-block-list\">\n<li>P\u0159ihlaste se do <strong><a href=\"https:\/\/admin.websupport.cz\/\" target=\"_blank\" rel=\"noreferrer noopener\">WebAdminu<\/a><\/strong><\/li>\n\n\n\n<li>Pokra\u010dujte kliknut\u00edm na slu\u017ebu, kterou chcete zm\u011bnit p\u0159edvolen\u00fd faktura\u010dn\u00ed profil<\/li>\n\n\n\n<li>Z lev\u00e9ho menu vyberte <strong>&#8222;Nastaven\u00ed\u00a0fakturace&#8220;<\/strong><\/li>\n\n\n\n<li>V \u010d\u00e1sti <strong>&#8222;Faktura\u010dn\u00ed profil&#8220;<\/strong> zvolte pot\u0159ebn\u00fd faktura\u010dn\u00ed profil nebo vytvo\u0159te nov\u00fd<\/li>\n\n\n\n<li>Zm\u011bny <strong>Ulo\u017ete<\/strong><\/li>\n<\/ol>\n","protected":false},"excerpt":{"rendered":"<p>Pot\u0159ebujete zm\u011bnit faktura\u010dn\u00ed \u00fadaje, ur\u010dit slu\u017eb\u00e1m p\u0159edvolen\u00e9 faktura\u010dn\u00ed \u00fadaje, nastavit jin\u00fd faktura\u010dn\u00ed email? V tomto n\u00e1vod\u011b si uk\u00e1\u017eeme, jak na to. Zm\u011bna faktura\u010dn\u00edch \u00fadaj\u016f Pokud pot\u0159ebujete, aby zaslan\u00e1 faktura obsahovala jin\u00e9 faktura\u010dn\u00ed \u00fadaje ne\u017e obsahuje, nemus\u00edte kontaktovat helpdesk. Prost\u0159ednictv\u00edm&nbsp;WebAdminu je m\u016f\u017eete zm\u011bnit i sami. Tento n\u00e1vod se v\u011bnuje \u00faprav\u011b faktura\u010dn\u00edch&#8230;<\/p>\n","protected":false},"author":3,"template":"","format":"standard","meta":{"footnotes":""},"ht-kb-category":[36],"ht-kb-tag":[],"class_list":["post-709","ht_kb","type-ht_kb","status-publish","format-standard","hentry","ht_kb_category-platby-a-fakturace"],"yoast_head":"<!-- This site is optimized with the Yoast SEO plugin v27.4 - https:\/\/yoast.com\/product\/yoast-seo-wordpress\/ -->\n<title>\u00daprava faktura\u010dn\u00edch profil\u016f - Websupport Centrum n\u00e1pov\u011bdy<\/title>\n<meta name=\"robots\" content=\"index, follow, max-snippet:-1, max-image-preview:large, max-video-preview:-1\" \/>\n<link rel=\"canonical\" href=\"https:\/\/www.websupport.cz\/podpora\/kb\/uprava-fakturacnich-profilu\/\" \/>\n<meta property=\"og:locale\" content=\"cs_CZ\" \/>\n<meta property=\"og:type\" content=\"article\" \/>\n<meta property=\"og:title\" content=\"\u00daprava faktura\u010dn\u00edch profil\u016f - Websupport Centrum n\u00e1pov\u011bdy\" \/>\n<meta property=\"og:description\" content=\"Pot\u0159ebujete zm\u011bnit faktura\u010dn\u00ed \u00fadaje, ur\u010dit slu\u017eb\u00e1m p\u0159edvolen\u00e9 faktura\u010dn\u00ed \u00fadaje, nastavit jin\u00fd faktura\u010dn\u00ed email? V tomto n\u00e1vod\u011b si uk\u00e1\u017eeme, jak na to. Zm\u011bna faktura\u010dn\u00edch \u00fadaj\u016f Pokud pot\u0159ebujete, aby zaslan\u00e1 faktura obsahovala jin\u00e9 faktura\u010dn\u00ed \u00fadaje ne\u017e obsahuje, nemus\u00edte kontaktovat helpdesk. Prost\u0159ednictv\u00edm&nbsp;WebAdminu je m\u016f\u017eete zm\u011bnit i sami. Tento n\u00e1vod se v\u011bnuje \u00faprav\u011b faktura\u010dn\u00edch...\" \/>\n<meta property=\"og:url\" content=\"https:\/\/www.websupport.cz\/podpora\/kb\/uprava-fakturacnich-profilu\/\" \/>\n<meta property=\"og:site_name\" content=\"Websupport Centrum n\u00e1pov\u011bdy\" \/>\n<meta property=\"article:modified_time\" content=\"2024-09-02T15:50:49+00:00\" \/>\n<meta property=\"og:image\" content=\"https:\/\/www.active24.cz\/app\/uploads\/sites\/4\/2021\/03\/obrazek-3-1024x706.png\" \/>\n<meta name=\"twitter:card\" content=\"summary_large_image\" \/>\n<meta name=\"twitter:label1\" content=\"Odhadovan\u00e1 doba \u010dten\u00ed\" \/>\n\t<meta name=\"twitter:data1\" content=\"3 minuty\" \/>\n<script type=\"application\/ld+json\" class=\"yoast-schema-graph\">{\"@context\":\"https:\\\/\\\/schema.org\",\"@graph\":[{\"@type\":\"WebPage\",\"@id\":\"https:\\\/\\\/www.websupport.cz\\\/podpora\\\/kb\\\/uprava-fakturacnich-profilu\\\/\",\"url\":\"https:\\\/\\\/www.websupport.cz\\\/podpora\\\/kb\\\/uprava-fakturacnich-profilu\\\/\",\"name\":\"\u00daprava faktura\u010dn\u00edch profil\u016f - Websupport Centrum n\u00e1pov\u011bdy\",\"isPartOf\":{\"@id\":\"https:\\\/\\\/www.websupport.cz\\\/podpora\\\/#website\"},\"primaryImageOfPage\":{\"@id\":\"https:\\\/\\\/www.websupport.cz\\\/podpora\\\/kb\\\/uprava-fakturacnich-profilu\\\/#primaryimage\"},\"image\":{\"@id\":\"https:\\\/\\\/www.websupport.cz\\\/podpora\\\/kb\\\/uprava-fakturacnich-profilu\\\/#primaryimage\"},\"thumbnailUrl\":\"https:\\\/\\\/www.active24.cz\\\/app\\\/uploads\\\/sites\\\/4\\\/2021\\\/03\\\/obrazek-3-1024x706.png\",\"datePublished\":\"2021-03-30T10:01:25+00:00\",\"dateModified\":\"2024-09-02T15:50:49+00:00\",\"breadcrumb\":{\"@id\":\"https:\\\/\\\/www.websupport.cz\\\/podpora\\\/kb\\\/uprava-fakturacnich-profilu\\\/#breadcrumb\"},\"inLanguage\":\"cs\",\"potentialAction\":[{\"@type\":\"ReadAction\",\"target\":[\"https:\\\/\\\/www.websupport.cz\\\/podpora\\\/kb\\\/uprava-fakturacnich-profilu\\\/\"]}]},{\"@type\":\"ImageObject\",\"inLanguage\":\"cs\",\"@id\":\"https:\\\/\\\/www.websupport.cz\\\/podpora\\\/kb\\\/uprava-fakturacnich-profilu\\\/#primaryimage\",\"url\":\"https:\\\/\\\/www.active24.cz\\\/app\\\/uploads\\\/sites\\\/4\\\/2021\\\/03\\\/obrazek-3-1024x706.png\",\"contentUrl\":\"https:\\\/\\\/www.active24.cz\\\/app\\\/uploads\\\/sites\\\/4\\\/2021\\\/03\\\/obrazek-3-1024x706.png\"},{\"@type\":\"BreadcrumbList\",\"@id\":\"https:\\\/\\\/www.websupport.cz\\\/podpora\\\/kb\\\/uprava-fakturacnich-profilu\\\/#breadcrumb\",\"itemListElement\":[{\"@type\":\"ListItem\",\"position\":1,\"name\":\"Home\",\"item\":\"https:\\\/\\\/www.websupport.cz\\\/podpora\\\/\"},{\"@type\":\"ListItem\",\"position\":2,\"name\":\"\u00daprava faktura\u010dn\u00edch profil\u016f\"}]},{\"@type\":\"WebSite\",\"@id\":\"https:\\\/\\\/www.websupport.cz\\\/podpora\\\/#website\",\"url\":\"https:\\\/\\\/www.websupport.cz\\\/podpora\\\/\",\"name\":\"Websupport Centrum n\u00e1pov\u011bdy\",\"description\":\"\",\"potentialAction\":[{\"@type\":\"SearchAction\",\"target\":{\"@type\":\"EntryPoint\",\"urlTemplate\":\"https:\\\/\\\/www.websupport.cz\\\/podpora\\\/?s={search_term_string}\"},\"query-input\":{\"@type\":\"PropertyValueSpecification\",\"valueRequired\":true,\"valueName\":\"search_term_string\"}}],\"inLanguage\":\"cs\"}]}<\/script>\n<!-- \/ Yoast SEO plugin. -->","yoast_head_json":{"title":"\u00daprava faktura\u010dn\u00edch profil\u016f - Websupport Centrum n\u00e1pov\u011bdy","robots":{"index":"index","follow":"follow","max-snippet":"max-snippet:-1","max-image-preview":"max-image-preview:large","max-video-preview":"max-video-preview:-1"},"canonical":"https:\/\/www.websupport.cz\/podpora\/kb\/uprava-fakturacnich-profilu\/","og_locale":"cs_CZ","og_type":"article","og_title":"\u00daprava faktura\u010dn\u00edch profil\u016f - Websupport Centrum n\u00e1pov\u011bdy","og_description":"Pot\u0159ebujete zm\u011bnit faktura\u010dn\u00ed \u00fadaje, ur\u010dit slu\u017eb\u00e1m p\u0159edvolen\u00e9 faktura\u010dn\u00ed \u00fadaje, nastavit jin\u00fd faktura\u010dn\u00ed email? V tomto n\u00e1vod\u011b si uk\u00e1\u017eeme, jak na to. Zm\u011bna faktura\u010dn\u00edch \u00fadaj\u016f Pokud pot\u0159ebujete, aby zaslan\u00e1 faktura obsahovala jin\u00e9 faktura\u010dn\u00ed \u00fadaje ne\u017e obsahuje, nemus\u00edte kontaktovat helpdesk. Prost\u0159ednictv\u00edm&nbsp;WebAdminu je m\u016f\u017eete zm\u011bnit i sami. Tento n\u00e1vod se v\u011bnuje \u00faprav\u011b faktura\u010dn\u00edch...","og_url":"https:\/\/www.websupport.cz\/podpora\/kb\/uprava-fakturacnich-profilu\/","og_site_name":"Websupport Centrum n\u00e1pov\u011bdy","article_modified_time":"2024-09-02T15:50:49+00:00","og_image":[{"url":"https:\/\/www.active24.cz\/app\/uploads\/sites\/4\/2021\/03\/obrazek-3-1024x706.png","type":"","width":"","height":""}],"twitter_card":"summary_large_image","twitter_misc":{"Odhadovan\u00e1 doba \u010dten\u00ed":"3 minuty"},"schema":{"@context":"https:\/\/schema.org","@graph":[{"@type":"WebPage","@id":"https:\/\/www.websupport.cz\/podpora\/kb\/uprava-fakturacnich-profilu\/","url":"https:\/\/www.websupport.cz\/podpora\/kb\/uprava-fakturacnich-profilu\/","name":"\u00daprava faktura\u010dn\u00edch profil\u016f - Websupport Centrum n\u00e1pov\u011bdy","isPartOf":{"@id":"https:\/\/www.websupport.cz\/podpora\/#website"},"primaryImageOfPage":{"@id":"https:\/\/www.websupport.cz\/podpora\/kb\/uprava-fakturacnich-profilu\/#primaryimage"},"image":{"@id":"https:\/\/www.websupport.cz\/podpora\/kb\/uprava-fakturacnich-profilu\/#primaryimage"},"thumbnailUrl":"https:\/\/www.active24.cz\/app\/uploads\/sites\/4\/2021\/03\/obrazek-3-1024x706.png","datePublished":"2021-03-30T10:01:25+00:00","dateModified":"2024-09-02T15:50:49+00:00","breadcrumb":{"@id":"https:\/\/www.websupport.cz\/podpora\/kb\/uprava-fakturacnich-profilu\/#breadcrumb"},"inLanguage":"cs","potentialAction":[{"@type":"ReadAction","target":["https:\/\/www.websupport.cz\/podpora\/kb\/uprava-fakturacnich-profilu\/"]}]},{"@type":"ImageObject","inLanguage":"cs","@id":"https:\/\/www.websupport.cz\/podpora\/kb\/uprava-fakturacnich-profilu\/#primaryimage","url":"https:\/\/www.active24.cz\/app\/uploads\/sites\/4\/2021\/03\/obrazek-3-1024x706.png","contentUrl":"https:\/\/www.active24.cz\/app\/uploads\/sites\/4\/2021\/03\/obrazek-3-1024x706.png"},{"@type":"BreadcrumbList","@id":"https:\/\/www.websupport.cz\/podpora\/kb\/uprava-fakturacnich-profilu\/#breadcrumb","itemListElement":[{"@type":"ListItem","position":1,"name":"Home","item":"https:\/\/www.websupport.cz\/podpora\/"},{"@type":"ListItem","position":2,"name":"\u00daprava faktura\u010dn\u00edch profil\u016f"}]},{"@type":"WebSite","@id":"https:\/\/www.websupport.cz\/podpora\/#website","url":"https:\/\/www.websupport.cz\/podpora\/","name":"Websupport Centrum n\u00e1pov\u011bdy","description":"","potentialAction":[{"@type":"SearchAction","target":{"@type":"EntryPoint","urlTemplate":"https:\/\/www.websupport.cz\/podpora\/?s={search_term_string}"},"query-input":{"@type":"PropertyValueSpecification","valueRequired":true,"valueName":"search_term_string"}}],"inLanguage":"cs"}]}},"_links":{"self":[{"href":"https:\/\/www.websupport.cz\/podpora\/wp-json\/wp\/v2\/ht-kb\/709","targetHints":{"allow":["GET"]}}],"collection":[{"href":"https:\/\/www.websupport.cz\/podpora\/wp-json\/wp\/v2\/ht-kb"}],"about":[{"href":"https:\/\/www.websupport.cz\/podpora\/wp-json\/wp\/v2\/types\/ht_kb"}],"author":[{"embeddable":true,"href":"https:\/\/www.websupport.cz\/podpora\/wp-json\/wp\/v2\/users\/3"}],"version-history":[{"count":7,"href":"https:\/\/www.websupport.cz\/podpora\/wp-json\/wp\/v2\/ht-kb\/709\/revisions"}],"predecessor-version":[{"id":12630,"href":"https:\/\/www.websupport.cz\/podpora\/wp-json\/wp\/v2\/ht-kb\/709\/revisions\/12630"}],"wp:attachment":[{"href":"https:\/\/www.websupport.cz\/podpora\/wp-json\/wp\/v2\/media?parent=709"}],"wp:term":[{"taxonomy":"ht_kb_category","embeddable":true,"href":"https:\/\/www.websupport.cz\/podpora\/wp-json\/wp\/v2\/ht-kb-category?post=709"},{"taxonomy":"ht_kb_tag","embeddable":true,"href":"https:\/\/www.websupport.cz\/podpora\/wp-json\/wp\/v2\/ht-kb-tag?post=709"}],"curies":[{"name":"wp","href":"https:\/\/api.w.org\/{rel}","templated":true}]}}