{"id":3314,"date":"2021-07-19T13:26:42","date_gmt":"2021-07-19T11:26:42","guid":{"rendered":"https:\/\/www.websupport.cz\/podpora\/?post_type=ht_kb&#038;p=3314"},"modified":"2021-09-02T15:09:14","modified_gmt":"2021-09-02T13:09:14","slug":"uprava-parametru-prekroceni-kapacity","status":"publish","type":"ht_kb","link":"https:\/\/www.websupport.cz\/podpora\/kb\/uprava-parametru-prekroceni-kapacity\/","title":{"rendered":"\u00daprava parametr\u016f (p\u0159ekro\u010den\u00ed kapacity)"},"content":{"rendered":"\n<p>V p\u0159\u00edpad\u011b, \u017ee je v\u00e1\u0161 prostor na hostingu p\u0159epln\u011bn\u00fd nebo pot\u0159ebujete p\u0159idat dal\u0161\u00ed dom\u00e9ny na hosting, sta\u010d\u00ed, \u017ee si uprav\u00edte jeho velikost.&nbsp;N\u00e1\u0161&nbsp;<strong><a href=\"https:\/\/login.websupport.cz\/\" target=\"_blank\" rel=\"noreferrer noopener\">WebAdmin<\/a><\/strong>&nbsp;umo\u017e\u0148uje kdykoliv zm\u011bnit parametry objednan\u00fdch slu\u017eeb.<\/p>\n\n\n\n<hr class=\"wp-block-separator\"\/>\n\n\n\n<ol class=\"wp-block-list\"><li>P\u0159ihlaste se do&nbsp;<strong><a href=\"https:\/\/login.websupport.cz\/\" target=\"_blank\" rel=\"noreferrer noopener\">Webadminu<\/a><\/strong><\/li><li>Klikn\u011bte na z\u00e1lo\u017eku&nbsp;<strong>Slu\u017eby<\/strong><\/li><li>&nbsp;Klikn\u011bte na hostingovou slu\u017ebu, u kter\u00e9 si p\u0159ejete upravit parametry \u2013 dostanete se do p\u0159ehledu hostingu<\/li><li>U pole&nbsp;<strong>\u201eVyu\u017eit\u00ed&nbsp;slu\u017eeb\u201c<\/strong>&nbsp;m\u016f\u017eete vid\u011bt tla\u010d\u00edtko&nbsp;<strong>Upravit parametry hostingu<\/strong><\/li><li>Zobraz\u00ed se V\u00e1m nab\u00eddka jednotliv\u00fdch bal\u00ed\u010dk\u016f. Po v\u00fdb\u011bru vhodn\u00e9ho bal\u00ed\u010dku, kter\u00fd pokr\u00fdv\u00e1 Va\u0161e aktu\u00e1ln\u00ed pot\u0159eby ohledn\u011b prostoru i po\u010dtu dom\u00e9n, sta\u010d\u00ed zvolit mo\u017enost Uprav parametry,&nbsp;resp.&nbsp;<strong>Zv\u011bt\u0161it prostor v hodnot\u011b&nbsp;+ XX K\u010d<\/strong><\/li><\/ol>\n\n\n\n<figure class=\"wp-block-image size-full\"><img loading=\"lazy\" decoding=\"async\" width=\"773\" height=\"329\" src=\"https:\/\/www.websupport.cz\/podpora\/app\/uploads\/2021\/09\/vyuziti-sluzeb.png\" alt=\"\" class=\"wp-image-6221\" srcset=\"https:\/\/www.websupport.cz\/podpora\/app\/uploads\/2021\/09\/vyuziti-sluzeb.png 773w, https:\/\/www.websupport.cz\/podpora\/app\/uploads\/2021\/09\/vyuziti-sluzeb-400x170.png 400w, https:\/\/www.websupport.cz\/podpora\/app\/uploads\/2021\/09\/vyuziti-sluzeb-768x327.png 768w, https:\/\/www.websupport.cz\/podpora\/app\/uploads\/2021\/09\/vyuziti-sluzeb-50x21.png 50w, https:\/\/www.websupport.cz\/podpora\/app\/uploads\/2021\/09\/vyuziti-sluzeb-60x26.png 60w, https:\/\/www.websupport.cz\/podpora\/app\/uploads\/2021\/09\/vyuziti-sluzeb-100x43.png 100w\" sizes=\"auto, (max-width: 773px) 100vw, 773px\" \/><\/figure>\n\n\n\n<p class=\"wp-block-ht-blocks-messages wp-block-hb-message wp-block-hb-message--withicon is-style-alert\"><strong>UPOZORN\u011aN\u00cd<\/strong><br>Zm\u011bna parametr\u016f The hostingu se projev\u00ed a\u017e&nbsp;<strong>po p\u0159ijet\u00ed platby za p\u0159edfakturu<\/strong>. P\u0159ed p\u0159ijet\u00edm platby tedy nebude mo\u017en\u00e9 vyu\u017e\u00edvat nov\u00fd prostor nebo p\u0159id\u00e1vat dal\u0161\u00ed dom\u00e9ny.<\/p>\n\n\n\n<p class=\"wp-block-ht-blocks-messages wp-block-hb-message wp-block-hb-message--withicon is-style-danger\"><strong>D\u016eLE\u017dIT\u00c9 UPOZORN\u011aN\u00cd!<\/strong><br>Sn\u00ed\u017een\u00ed parametr\u016f hostingu nen\u00ed mo\u017en\u00e9. V p\u0159\u00edpad\u011b z\u00e1jmu o sn\u00ed\u017een\u00ed parametr\u016f hostingu se pros\u00edm obra\u0165te na na\u0161i&nbsp;<a href=\"https:\/\/www.websupport.cz\/kontakt\/\" target=\"_blank\" rel=\"noreferrer noopener\">podporu<\/a>.<\/p>\n","protected":false},"excerpt":{"rendered":"<p>V p\u0159\u00edpad\u011b, \u017ee je v\u00e1\u0161 prostor na hostingu p\u0159epln\u011bn\u00fd nebo pot\u0159ebujete p\u0159idat dal\u0161\u00ed dom\u00e9ny na hosting, sta\u010d\u00ed, \u017ee si uprav\u00edte jeho velikost.&nbsp;N\u00e1\u0161&nbsp;WebAdmin&nbsp;umo\u017e\u0148uje kdykoliv zm\u011bnit parametry objednan\u00fdch slu\u017eeb. P\u0159ihlaste se do&nbsp;Webadminu Klikn\u011bte na z\u00e1lo\u017eku&nbsp;Slu\u017eby &nbsp;Klikn\u011bte na hostingovou slu\u017ebu, u kter\u00e9 si p\u0159ejete upravit parametry \u2013 dostanete se do p\u0159ehledu hostingu U&#8230;<\/p>\n","protected":false},"author":5,"template":"","format":"standard","meta":{"footnotes":""},"ht-kb-category":[18,15],"ht-kb-tag":[],"class_list":["post-3314","ht_kb","type-ht_kb","status-publish","format-standard","hentry","ht_kb_category-zakladni-nastaveni-hosting","ht_kb_category-hosting"],"yoast_head":"<!-- This site is optimized with the Yoast SEO plugin v27.4 - https:\/\/yoast.com\/product\/yoast-seo-wordpress\/ -->\n<title>\u00daprava parametr\u016f (p\u0159ekro\u010den\u00ed kapacity) - Websupport Centrum n\u00e1pov\u011bdy<\/title>\n<meta name=\"robots\" content=\"index, follow, max-snippet:-1, max-image-preview:large, max-video-preview:-1\" \/>\n<link rel=\"canonical\" href=\"https:\/\/www.websupport.cz\/podpora\/kb\/uprava-parametru-prekroceni-kapacity\/\" \/>\n<meta property=\"og:locale\" content=\"cs_CZ\" \/>\n<meta property=\"og:type\" content=\"article\" \/>\n<meta property=\"og:title\" content=\"\u00daprava parametr\u016f (p\u0159ekro\u010den\u00ed kapacity) - Websupport Centrum n\u00e1pov\u011bdy\" \/>\n<meta property=\"og:description\" content=\"V p\u0159\u00edpad\u011b, \u017ee je v\u00e1\u0161 prostor na hostingu p\u0159epln\u011bn\u00fd nebo pot\u0159ebujete p\u0159idat dal\u0161\u00ed dom\u00e9ny na hosting, sta\u010d\u00ed, \u017ee si uprav\u00edte jeho velikost.&nbsp;N\u00e1\u0161&nbsp;WebAdmin&nbsp;umo\u017e\u0148uje kdykoliv zm\u011bnit parametry objednan\u00fdch slu\u017eeb. P\u0159ihlaste se do&nbsp;Webadminu Klikn\u011bte na z\u00e1lo\u017eku&nbsp;Slu\u017eby &nbsp;Klikn\u011bte na hostingovou slu\u017ebu, u kter\u00e9 si p\u0159ejete upravit parametry \u2013 dostanete se do p\u0159ehledu hostingu U...\" \/>\n<meta property=\"og:url\" content=\"https:\/\/www.websupport.cz\/podpora\/kb\/uprava-parametru-prekroceni-kapacity\/\" \/>\n<meta property=\"og:site_name\" content=\"Websupport Centrum n\u00e1pov\u011bdy\" \/>\n<meta property=\"article:modified_time\" content=\"2021-09-02T13:09:14+00:00\" \/>\n<meta property=\"og:image\" content=\"https:\/\/www.websupport.cz\/podpora\/app\/uploads\/2021\/09\/vyuziti-sluzeb.png\" \/>\n<meta name=\"twitter:card\" content=\"summary_large_image\" \/>\n<meta name=\"twitter:label1\" content=\"Odhadovan\u00e1 doba \u010dten\u00ed\" \/>\n\t<meta name=\"twitter:data1\" content=\"1 minuta\" \/>\n<script type=\"application\/ld+json\" class=\"yoast-schema-graph\">{\"@context\":\"https:\\\/\\\/schema.org\",\"@graph\":[{\"@type\":\"WebPage\",\"@id\":\"https:\\\/\\\/www.websupport.cz\\\/podpora\\\/kb\\\/uprava-parametru-prekroceni-kapacity\\\/\",\"url\":\"https:\\\/\\\/www.websupport.cz\\\/podpora\\\/kb\\\/uprava-parametru-prekroceni-kapacity\\\/\",\"name\":\"\u00daprava parametr\u016f (p\u0159ekro\u010den\u00ed kapacity) - Websupport Centrum n\u00e1pov\u011bdy\",\"isPartOf\":{\"@id\":\"https:\\\/\\\/www.websupport.cz\\\/podpora\\\/#website\"},\"primaryImageOfPage\":{\"@id\":\"https:\\\/\\\/www.websupport.cz\\\/podpora\\\/kb\\\/uprava-parametru-prekroceni-kapacity\\\/#primaryimage\"},\"image\":{\"@id\":\"https:\\\/\\\/www.websupport.cz\\\/podpora\\\/kb\\\/uprava-parametru-prekroceni-kapacity\\\/#primaryimage\"},\"thumbnailUrl\":\"https:\\\/\\\/www.websupport.cz\\\/podpora\\\/app\\\/uploads\\\/2021\\\/09\\\/vyuziti-sluzeb.png\",\"datePublished\":\"2021-07-19T11:26:42+00:00\",\"dateModified\":\"2021-09-02T13:09:14+00:00\",\"breadcrumb\":{\"@id\":\"https:\\\/\\\/www.websupport.cz\\\/podpora\\\/kb\\\/uprava-parametru-prekroceni-kapacity\\\/#breadcrumb\"},\"inLanguage\":\"cs\",\"potentialAction\":[{\"@type\":\"ReadAction\",\"target\":[\"https:\\\/\\\/www.websupport.cz\\\/podpora\\\/kb\\\/uprava-parametru-prekroceni-kapacity\\\/\"]}]},{\"@type\":\"ImageObject\",\"inLanguage\":\"cs\",\"@id\":\"https:\\\/\\\/www.websupport.cz\\\/podpora\\\/kb\\\/uprava-parametru-prekroceni-kapacity\\\/#primaryimage\",\"url\":\"https:\\\/\\\/www.websupport.cz\\\/podpora\\\/app\\\/uploads\\\/2021\\\/09\\\/vyuziti-sluzeb.png\",\"contentUrl\":\"https:\\\/\\\/www.websupport.cz\\\/podpora\\\/app\\\/uploads\\\/2021\\\/09\\\/vyuziti-sluzeb.png\",\"width\":773,\"height\":329},{\"@type\":\"BreadcrumbList\",\"@id\":\"https:\\\/\\\/www.websupport.cz\\\/podpora\\\/kb\\\/uprava-parametru-prekroceni-kapacity\\\/#breadcrumb\",\"itemListElement\":[{\"@type\":\"ListItem\",\"position\":1,\"name\":\"Home\",\"item\":\"https:\\\/\\\/www.websupport.cz\\\/podpora\\\/\"},{\"@type\":\"ListItem\",\"position\":2,\"name\":\"\u00daprava parametr\u016f (p\u0159ekro\u010den\u00ed kapacity)\"}]},{\"@type\":\"WebSite\",\"@id\":\"https:\\\/\\\/www.websupport.cz\\\/podpora\\\/#website\",\"url\":\"https:\\\/\\\/www.websupport.cz\\\/podpora\\\/\",\"name\":\"Websupport Centrum n\u00e1pov\u011bdy\",\"description\":\"\",\"potentialAction\":[{\"@type\":\"SearchAction\",\"target\":{\"@type\":\"EntryPoint\",\"urlTemplate\":\"https:\\\/\\\/www.websupport.cz\\\/podpora\\\/?s={search_term_string}\"},\"query-input\":{\"@type\":\"PropertyValueSpecification\",\"valueRequired\":true,\"valueName\":\"search_term_string\"}}],\"inLanguage\":\"cs\"}]}<\/script>\n<!-- \/ Yoast SEO plugin. -->","yoast_head_json":{"title":"\u00daprava parametr\u016f (p\u0159ekro\u010den\u00ed kapacity) - Websupport Centrum n\u00e1pov\u011bdy","robots":{"index":"index","follow":"follow","max-snippet":"max-snippet:-1","max-image-preview":"max-image-preview:large","max-video-preview":"max-video-preview:-1"},"canonical":"https:\/\/www.websupport.cz\/podpora\/kb\/uprava-parametru-prekroceni-kapacity\/","og_locale":"cs_CZ","og_type":"article","og_title":"\u00daprava parametr\u016f (p\u0159ekro\u010den\u00ed kapacity) - Websupport Centrum n\u00e1pov\u011bdy","og_description":"V p\u0159\u00edpad\u011b, \u017ee je v\u00e1\u0161 prostor na hostingu p\u0159epln\u011bn\u00fd nebo pot\u0159ebujete p\u0159idat dal\u0161\u00ed dom\u00e9ny na hosting, sta\u010d\u00ed, \u017ee si uprav\u00edte jeho velikost.&nbsp;N\u00e1\u0161&nbsp;WebAdmin&nbsp;umo\u017e\u0148uje kdykoliv zm\u011bnit parametry objednan\u00fdch slu\u017eeb. P\u0159ihlaste se do&nbsp;Webadminu Klikn\u011bte na z\u00e1lo\u017eku&nbsp;Slu\u017eby &nbsp;Klikn\u011bte na hostingovou slu\u017ebu, u kter\u00e9 si p\u0159ejete upravit parametry \u2013 dostanete se do p\u0159ehledu hostingu U...","og_url":"https:\/\/www.websupport.cz\/podpora\/kb\/uprava-parametru-prekroceni-kapacity\/","og_site_name":"Websupport Centrum n\u00e1pov\u011bdy","article_modified_time":"2021-09-02T13:09:14+00:00","og_image":[{"url":"https:\/\/www.websupport.cz\/podpora\/app\/uploads\/2021\/09\/vyuziti-sluzeb.png","type":"","width":"","height":""}],"twitter_card":"summary_large_image","twitter_misc":{"Odhadovan\u00e1 doba \u010dten\u00ed":"1 minuta"},"schema":{"@context":"https:\/\/schema.org","@graph":[{"@type":"WebPage","@id":"https:\/\/www.websupport.cz\/podpora\/kb\/uprava-parametru-prekroceni-kapacity\/","url":"https:\/\/www.websupport.cz\/podpora\/kb\/uprava-parametru-prekroceni-kapacity\/","name":"\u00daprava parametr\u016f (p\u0159ekro\u010den\u00ed kapacity) - Websupport Centrum n\u00e1pov\u011bdy","isPartOf":{"@id":"https:\/\/www.websupport.cz\/podpora\/#website"},"primaryImageOfPage":{"@id":"https:\/\/www.websupport.cz\/podpora\/kb\/uprava-parametru-prekroceni-kapacity\/#primaryimage"},"image":{"@id":"https:\/\/www.websupport.cz\/podpora\/kb\/uprava-parametru-prekroceni-kapacity\/#primaryimage"},"thumbnailUrl":"https:\/\/www.websupport.cz\/podpora\/app\/uploads\/2021\/09\/vyuziti-sluzeb.png","datePublished":"2021-07-19T11:26:42+00:00","dateModified":"2021-09-02T13:09:14+00:00","breadcrumb":{"@id":"https:\/\/www.websupport.cz\/podpora\/kb\/uprava-parametru-prekroceni-kapacity\/#breadcrumb"},"inLanguage":"cs","potentialAction":[{"@type":"ReadAction","target":["https:\/\/www.websupport.cz\/podpora\/kb\/uprava-parametru-prekroceni-kapacity\/"]}]},{"@type":"ImageObject","inLanguage":"cs","@id":"https:\/\/www.websupport.cz\/podpora\/kb\/uprava-parametru-prekroceni-kapacity\/#primaryimage","url":"https:\/\/www.websupport.cz\/podpora\/app\/uploads\/2021\/09\/vyuziti-sluzeb.png","contentUrl":"https:\/\/www.websupport.cz\/podpora\/app\/uploads\/2021\/09\/vyuziti-sluzeb.png","width":773,"height":329},{"@type":"BreadcrumbList","@id":"https:\/\/www.websupport.cz\/podpora\/kb\/uprava-parametru-prekroceni-kapacity\/#breadcrumb","itemListElement":[{"@type":"ListItem","position":1,"name":"Home","item":"https:\/\/www.websupport.cz\/podpora\/"},{"@type":"ListItem","position":2,"name":"\u00daprava parametr\u016f (p\u0159ekro\u010den\u00ed kapacity)"}]},{"@type":"WebSite","@id":"https:\/\/www.websupport.cz\/podpora\/#website","url":"https:\/\/www.websupport.cz\/podpora\/","name":"Websupport Centrum n\u00e1pov\u011bdy","description":"","potentialAction":[{"@type":"SearchAction","target":{"@type":"EntryPoint","urlTemplate":"https:\/\/www.websupport.cz\/podpora\/?s={search_term_string}"},"query-input":{"@type":"PropertyValueSpecification","valueRequired":true,"valueName":"search_term_string"}}],"inLanguage":"cs"}]}},"_links":{"self":[{"href":"https:\/\/www.websupport.cz\/podpora\/wp-json\/wp\/v2\/ht-kb\/3314","targetHints":{"allow":["GET"]}}],"collection":[{"href":"https:\/\/www.websupport.cz\/podpora\/wp-json\/wp\/v2\/ht-kb"}],"about":[{"href":"https:\/\/www.websupport.cz\/podpora\/wp-json\/wp\/v2\/types\/ht_kb"}],"author":[{"embeddable":true,"href":"https:\/\/www.websupport.cz\/podpora\/wp-json\/wp\/v2\/users\/5"}],"version-history":[{"count":4,"href":"https:\/\/www.websupport.cz\/podpora\/wp-json\/wp\/v2\/ht-kb\/3314\/revisions"}],"predecessor-version":[{"id":6224,"href":"https:\/\/www.websupport.cz\/podpora\/wp-json\/wp\/v2\/ht-kb\/3314\/revisions\/6224"}],"wp:attachment":[{"href":"https:\/\/www.websupport.cz\/podpora\/wp-json\/wp\/v2\/media?parent=3314"}],"wp:term":[{"taxonomy":"ht_kb_category","embeddable":true,"href":"https:\/\/www.websupport.cz\/podpora\/wp-json\/wp\/v2\/ht-kb-category?post=3314"},{"taxonomy":"ht_kb_tag","embeddable":true,"href":"https:\/\/www.websupport.cz\/podpora\/wp-json\/wp\/v2\/ht-kb-tag?post=3314"}],"curies":[{"name":"wp","href":"https:\/\/api.w.org\/{rel}","templated":true}]}}